{"id":123,"date":"2015-09-09T07:46:36","date_gmt":"2015-09-09T07:46:36","guid":{"rendered":"http:\/\/cesmessieursserieux.com\/?page_id=123"},"modified":"2023-10-26T12:59:03","modified_gmt":"2023-10-26T12:59:03","slug":"renaud-diligent","status":"publish","type":"page","link":"https:\/\/www.cesmessieursserieux.com\/?page_id=123","title":{"rendered":"Renaud Diligent"},"content":{"rendered":"\n<p class=\"wp-block-paragraph\"><\/p>\n\n\n<p style=\"text-align: left;\"><span style=\"font-size: 10pt; font-family: helvetica, arial, sans-serif;\"><div class=\"hrule clearfix\"><\/div><\/span><\/p>\n<h1 style=\"text-align: left;\"><span style=\"font-size: 10pt; font-family: helvetica, arial, sans-serif;\"><span style=\"font-size: 12pt;\"><span style=\"font-size: 36pt; color: #33cccc;\">Renaud Diligent<\/span><br \/><span style=\"font-size: 24pt;\">Metteur en sc\u00e8ne <\/span><br \/><\/span><\/span><\/h1>\n<p style=\"text-align: left;\"><span style=\"font-size: 10pt; font-family: helvetica, arial, sans-serif;\"><span style=\"font-size: 12pt;\"><div class=\"hrule clearfix\"><\/div><\/span><\/span><\/p>\n<p style=\"text-align: left;\"><span style=\"font-family: helvetica, arial, sans-serif;\"><a href=\"http:\/\/www.cesmessieursserieux.com\/?attachment_id=2180\" rel=\"attachment wp-att-2180\"><img fetchpriority=\"high\" decoding=\"async\" class=\"size-medium wp-image-2180 alignleft\" src=\"http:\/\/www.cesmessieursserieux.com\/wp-content\/uploads\/2021\/11\/1.Portrait-RenaudDiligent-c-M_Hoffmann-site-300x200.jpg\" alt=\"\" width=\"300\" height=\"200\" srcset=\"https:\/\/www.cesmessieursserieux.com\/wp-content\/uploads\/2021\/11\/1.Portrait-RenaudDiligent-c-M_Hoffmann-site-300x200.jpg 300w, https:\/\/www.cesmessieursserieux.com\/wp-content\/uploads\/2021\/11\/1.Portrait-RenaudDiligent-c-M_Hoffmann-site-600x400.jpg 600w, https:\/\/www.cesmessieursserieux.com\/wp-content\/uploads\/2021\/11\/1.Portrait-RenaudDiligent-c-M_Hoffmann-site-768x512.jpg 768w, https:\/\/www.cesmessieursserieux.com\/wp-content\/uploads\/2021\/11\/1.Portrait-RenaudDiligent-c-M_Hoffmann-site-1000x667.jpg 1000w, https:\/\/www.cesmessieursserieux.com\/wp-content\/uploads\/2021\/11\/1.Portrait-RenaudDiligent-c-M_Hoffmann-site-720x480.jpg 720w\" sizes=\"(max-width: 300px) 100vw, 300px\" \/><\/a><\/span><\/p>\n<p class=\"\" style=\"text-align: left;\"><span style=\"font-family: helvetica, arial, sans-serif;\">Il suit des \u00e9tudes d\u02bcHistoire de l\u02bcArt \u00e0 l\u02bcUniversit\u00e9 de Bourgogne o\u00f9 parall\u00e8lement de 2001 \u00e0 2005 il dirige le Th\u00e9\u00e2tre Universitaire de Dijon. \u00c0 l\u02bcUniversit\u00e9 de Dijon, il r\u00e9alise des recherches sur l\u02bc\u0153uvre plastique de Tadeusz KANTOR qui le m\u00e8ne \u00e0 la r\u00e9daction d\u02bcune ma\u00eetrise, d\u02bcun DEA et \u00e0 la pr\u00e9paration d\u02bcune th\u00e8se. En 2007, il int\u00e8gre le Master mise en sc\u00e8ne et Dramaturgie de Paris X \/ Nanterre sous la direction de Jean Louis BESSON. Il suit les ateliers pratiques de mise en sc\u00e8ne dirig\u00e9s par Marc PAQUIEN, V\u00e9ronique BELLEGARDE, Jean JOURDHEUIL, Jean BOILLOT, Dominique BOISSEL, David LESCOT, Sabine QUIRICONI et Philippe ADRIEN. \u00c0 Th\u00e9\u00e2tre Ouvert, dans le cadre d\u02bcun atelier sur les \u00e9critures contemporaines sous la direction de Lucien ATOUN, il met en voix <i class=\"\">Gouache<\/i> de Jacques SERENA en 2008 et en 2009 il met en espace <i class=\"\">Smoking Gun<\/i> de David MISSONIER.<\/span><\/p>\n<p class=\"\" style=\"text-align: left;\"><span style=\"font-family: helvetica, arial, sans-serif;\">De 2005 \u00e0 2012, il a travaill\u00e9 comme assistant \u00e0 la mise en sc\u00e8ne aupr\u00e8s de Robert CANTARELLA , Philippe MINYANA au Th\u00e9\u00e2tre Dijon Bourgogne CDN, de Fran\u00e7ois CHATTOT, Jean Louis HOURDIN au Th\u00e9\u00e2tre Dijon Bourgogne CDN et \u00e0 la Com\u00e9die Fran\u00e7aise, de Beno\u00eet LAMBERT (Th\u00e9\u00e2tre Dijon Bourgogne CDN ) et pendant trois ans aupr\u00e8s de Marc PAQUIEN \u00e0 la Com\u00e9die Fran\u00e7aise, au Th\u00e9\u00e2tre de la Ville &#8211; Paris, et \u00e0 la MC 93 avec les Ateliers Lyriques de l&rsquo;Op\u00e9ra Bastille. Il collabore en 2013, en tant que dramaturge aupr\u00e8s d\u02bcH\u00e9l\u00e8ne SOULI\u00c9 pour Eyolf [quelque chose en moi me ronge].<\/span><\/p>\n<p class=\"\" style=\"text-align: left;\"><span style=\"font-family: helvetica, arial, sans-serif;\">En 2010 il fonde la Compagnie Ces Messieurs S\u00e9rieux en hommage \u00e0 une s\u00e9rie de dessin de Tadeusz KANTOR. Il monte <i class=\"\">norway.today<\/i> d\u02bcIgor Bauersima en 2010 au Festival Th\u00e9\u00e2tre en Mai du Th\u00e9\u00e2tre Dijon Bourgogne CDN ; en 2011<i class=\"\"> Haute-Autriche<\/i> de Franz Xaver Kroetz au Th\u00e9\u00e2tre Mansart \u00e0 Dijon ; en 2013 <i class=\"\">l\u02bc\u00c9preuve<\/i> de Marivaux en co-production avec le Th\u00e9\u00e2tre Dijon Bourgogne CDN \/ Festival Th\u00e9\u00e2tre en Mai ; en 2016 <i class=\"\">la ballade du tueur de conif\u00e8res <\/i>de Rebekka Kricheldorf en co-production avec l\u02bcEspace des Arts &#8211; Sc\u00e8ne nationale de Chalon-sur-Sa\u00f4ne (repris au Festival Th\u00e9\u00e2tre en Mai du Th\u00e9\u00e2tre Dijon Bourgogne CDN) ; En novembre 2019, il mets en sc\u00e8ne pour la premi\u00e8re fois en France,\u00a0<i class=\"\">Dimanche napalm<\/i> de S\u00e9bastien David, texte laur\u00e9at du prix du gouverneur g\u00e9n\u00e9ral du Canada 2017, en co-production avec MA sc\u00e8ne nationale &#8211; Pays de Montb\u00e9liard et La Maison &#8211; maison de la culture de Nevers agglom\u00e9ration. Ce spectacle fut repris pour Festival d\u2019Avignon OFF en 2021. Entre 2018 et 2019 il est en r\u00e9sidence territoriale \u00e0 la Maison Jacques Copeau de Pernand-Vergelesses.\u00a0<\/span><span style=\"font-family: helvetica, arial, sans-serif;\"><span class=\"\">En 2022, il mets en sc\u00e8ne\u00a0<\/span><i class=\"\">les petites enqu\u00eates de jean-Claude Succo <\/i>d\u2019Herv\u00e9 Blutsch dans une forme exp\u00e9rimental, m\u00ealant bruitage radiophonique en directe et th\u00e9\u00e2tre.\u00a0<\/span><\/p>\n<p><span style=\"font-family: helvetica, arial, sans-serif;\">Il pr\u00e9pare actuellement pour la saison 24-25,\u00a0<em>Nyotaimori<\/em> de l&rsquo;autrice Qu\u00e9b\u00e9coise Sarah Berthiaume (premi\u00e8re en France) en co-production avec MA sc\u00e8ne nationale &#8211; Pays de Montb\u00e9liard avec les soutiens du Th\u00e9\u00e2tre du Pilier &#8211; Espace de la haute savoureuse (90) et le Th\u00e9\u00e2tre d&rsquo;Auxerre &#8211; sc\u00e8ne conventionn\u00e9e art et cr\u00e9ation.<\/span><\/p>\n<div class=\"\" style=\"text-align: left;\"><span style=\"font-family: helvetica, arial, sans-serif;\">\u00c0 c\u00f4t\u00e9 de son activit\u00e9 de cr\u00e9ation, il m\u00e8ne de nombreux ateliers de pratique ou de projets participatifs de sensibilisation aupr\u00e8s de nombreux publics (amateurs, \u00e9tudiants, coll\u00e9giens, Lyc\u00e9ens, \u00e9tudiants en \u00e9cole de th\u00e9\u00e2tre, mineurs isol\u00e9s allophones), notamment au Th\u00e9\u00e2tre National de Bordeaux Aquitaine CDN (avec Marc PAQUIEN), au Th\u00e9\u00e2tre Dijon Bourgogne CDN, au Th\u00e9\u00e2tre Universitaire de Dijon, \u00e0 L\u02bcEspace des Arts \u2013 Sc\u00e8ne nationale de Chalon sur Sa\u00f4ne, au COP conservatoire de Besan\u00e7on et \u00e0 MA sc\u00e8ne nationale &#8211; Pays de Montb\u00e9liard. <\/span><\/div>\n<div class=\"\" style=\"text-align: left;\"><span style=\"font-family: helvetica, arial, sans-serif;\">Depuis 2015 il est le responsable artistique des Options de Sp\u00e9cialit\u00e9 Th\u00e9\u00e2tre (option lourde) du Lyc\u00e9e Hilaire de Chardonnet \u00e0 Ch\u00e2lon-sur-Sa\u00f4ne. <\/span><\/div>\n<div class=\"\" style=\"text-align: left;\"><span style=\"font-family: helvetica, arial, sans-serif;\">Il a enseign\u00e9 \u00a0de 2013 \u00e0 2021 \u00e0 L\u02bcUniversit\u00e9 de Bourgogne la pratique th\u00e9\u00e2trale aux \u00e9tudiants L2 et L3 Lettre Moderne.\u00a0<\/span><\/div>\n<div style=\"text-align: left;\"><span style=\"font-size: 12pt; font-family: helvetica, arial, sans-serif;\"> En 2011, il a publi\u00e9 un article sur l\u2019oeuvre de Tadeusz KANTOR, dans Dramaturgie de la guerre au th\u00e9\u00e2tre et au cin\u00e9ma, ouvrage sous la direction de David LESCOT et Laurent VERAY.<\/span><\/div>","protected":false},"excerpt":{"rendered":"<p>Renaud DiligentMetteur en sc\u00e8ne Il suit des \u00e9tudes d\u02bcHistoire de l\u02bcArt \u00e0 l\u02bcUniversit\u00e9 de Bourgogne o\u00f9 parall\u00e8lement de 2001 \u00e0 2005 il dirige le Th\u00e9\u00e2tre Universitaire de Dijon. \u00c0 l\u02bcUniversit\u00e9 de Dijon, il r\u00e9alise des recherches sur l\u02bc\u0153uvre plastique de Tadeusz KANTOR qui le m\u00e8ne \u00e0 la r\u00e9daction d\u02bcune ma\u00eetrise, d\u02bcun DEA et \u00e0 la [&hellip;]<\/p>\n","protected":false},"author":1,"featured_media":0,"parent":0,"menu_order":0,"comment_status":"closed","ping_status":"closed","template":"","meta":{"footnotes":""},"class_list":["post-123","page","type-page","status-publish","hentry"],"_links":{"self":[{"href":"https:\/\/www.cesmessieursserieux.com\/index.php?rest_route=\/wp\/v2\/pages\/123","targetHints":{"allow":["GET"]}}],"collection":[{"href":"https:\/\/www.cesmessieursserieux.com\/index.php?rest_route=\/wp\/v2\/pages"}],"about":[{"href":"https:\/\/www.cesmessieursserieux.com\/index.php?rest_route=\/wp\/v2\/types\/page"}],"author":[{"embeddable":true,"href":"https:\/\/www.cesmessieursserieux.com\/index.php?rest_route=\/wp\/v2\/users\/1"}],"replies":[{"embeddable":true,"href":"https:\/\/www.cesmessieursserieux.com\/index.php?rest_route=%2Fwp%2Fv2%2Fcomments&post=123"}],"version-history":[{"count":12,"href":"https:\/\/www.cesmessieursserieux.com\/index.php?rest_route=\/wp\/v2\/pages\/123\/revisions"}],"predecessor-version":[{"id":2389,"href":"https:\/\/www.cesmessieursserieux.com\/index.php?rest_route=\/wp\/v2\/pages\/123\/revisions\/2389"}],"wp:attachment":[{"href":"https:\/\/www.cesmessieursserieux.com\/index.php?rest_route=%2Fwp%2Fv2%2Fmedia&parent=123"}],"curies":[{"name":"wp","href":"https:\/\/api.w.org\/{rel}","templated":true}]}}